{"id":2547,"date":"2023-01-19T15:23:14","date_gmt":"2023-01-19T18:23:14","guid":{"rendered":"https:\/\/www.siemaco-grs.com.br\/wp\/?page_id=2547"},"modified":"2024-08-07T10:46:56","modified_gmt":"2024-08-07T13:46:56","slug":"politica-de-privacidade-do-siemaco-guarulhos","status":"publish","type":"page","link":"https:\/\/www.siemaco-grs.com.br\/wp\/politica-de-privacidade-do-siemaco-guarulhos\/","title":{"rendered":"Pol\u00edtica de Privacidade do Siemaco Guarulhos"},"content":{"rendered":"\n<p>O Siemaco Guarulhos acredita que \u00e9 importante que voc\u00ea saiba como os seus dados pessoais s\u00e3o tratados, em 2018 criamos a primeira vers\u00e3o da nossa pol\u00edtica de privacidade, com a finalidade de ajudar voc\u00ea a entender como coletamos, tratamos, armazenamos, compartilhamos e protegemos os seus dados pessoais. A vers\u00e3o atual est\u00e1 revisada e ampliada, com objetivo de refor\u00e7ar nosso compromisso com a transpar\u00eancia no di\u00e1logo com os titulares de dados, leia a nossa pol\u00edtica antes de utilizar os nossos servi\u00e7os.<\/p>\n\n\n\n<p style=\"font-size:23px\">Antes de come\u00e7armos \u00e9 importante relembrar, qual \u00e9 a miss\u00e3o do Siemaco Guarulhos:<\/p>\n\n\n\n<p>Nossa miss\u00e3o consiste em defender os direitos dos trabalhadores da categoria, e promover a valoriza\u00e7\u00e3o social, tendo como prioridade os interesses dos trabalhadores. A constru\u00e7\u00e3o da rela\u00e7\u00e3o positiva entre capital e trabalho \u00e9 uma das marcas do Siemaco Guarulhos.<\/p>\n\n\n\n<p>Outra marca importante do Sindicato \u00e9 o trabalho realizado na busca de conv\u00eanios e benef\u00edcios que possam ajudar a categoria. Ser\u00e3o diversos conv\u00eanios com universidades, faculdades, cl\u00ednicas m\u00e9dicas, laborat\u00f3rios, rede de com\u00e9rcio em geral, col\u00f4nia de f\u00e9rias, clube de campo, clube de f\u00e9rias, al\u00e9m de manter em nossa Sede servi\u00e7os odontol\u00f3gicos e Jur\u00eddicos aos Associados.<\/p>\n\n\n\n<p>Por acreditarmos em um sindicalismo solid\u00e1rio, \u00e9tico e inovador buscamos nos filiar a entidades comprometidas com resolu\u00e7\u00e3o dos dilemas da classe trabalhadora, por isso juntamos for\u00e7as com a:<\/p>\n\n\n\n<p>FEMACO \u2013 Federa\u00e7\u00e3o dos Trabalhadores em Servi\u00e7os, Asseio e Conserva\u00e7\u00e3o Ambiental, Urbana e \u00c1reas Verdes no Estado de S\u00e3o Paulo<\/p>\n\n\n\n<p>FENASCON \u2013 Federa\u00e7\u00e3o Nacional dos Trabalhadores em Servi\u00e7os, Asseio e Conserva\u00e7\u00e3o, Limpeza Urbana, Ambiental e \u00c1reas Verdes<\/p>\n\n\n\n<p>FETHESP &#8211; Federa\u00e7\u00e3o dos Empregados em Turismo e Hospitalidade do Estado de SP<\/p>\n\n\n\n<p>CONASCON \u2013 Confedera\u00e7\u00e3o Nacional dos Trabalhadores em Servi\u00e7os, Asseio e Conserva\u00e7\u00e3o, Limpeza Urbana, Ambiental e \u00c1reas Verdes<\/p>\n\n\n\n<p>UGT \u2013 Uni\u00e3o Geral dos Trabalhadores<\/p>\n\n\n\n<p>UNI &#8211; UNI Global Union federa\u00e7\u00e3o sindical global para os setores de habilidades e servi\u00e7os, reunindo sindicatos nacionais e regionais<\/p>\n\n\n\n<p><\/p>\n\n\n\n<p><strong>Venham nos conhecer e fa\u00e7am parte da fam\u00edlia Siemaco Guarulhos!<\/strong><\/p>\n\n\n\n<p style=\"font-size:33px\"><strong>Dados Pessoais<\/strong><\/p>\n\n\n\n<p style=\"font-size:16px\">Aqui voc\u00ea vai entender quais dados coletamos, como coletamos e por que precisamos deles, e qual a base legal para realizarmos o tratamento dos seus dados.<\/p>\n\n\n\n<p><strong>Dados de Navega\u00e7\u00e3o:<\/strong> Esses s\u00e3o os dados coletados quando voc\u00ea acessa o nosso site, rede sociais, aplicativo ou portais, e realiza o preenchimento de formul\u00e1rios, fa\u00e7a um coment\u00e1rio, realize buscas, interaja com publica\u00e7\u00f5es, realize um agendamento, solicita\u00e7\u00e3o de servi\u00e7os ou utilize nossa rede Wifi. Quando voc\u00ea acessa um desses servi\u00e7os atrav\u00e9s de um computador, telefone celular e\/ou outro dispositivo de acesso. Podemos coletar sua geolocaliza\u00e7\u00e3o; seu endere\u00e7o de IP; podemos usar essas informa\u00e7\u00f5es para combater o spam e outros abusos; e\/ou, para gerar informa\u00e7\u00f5es agregadas e n\u00e3o-identificadoras sobre como as pessoas acessam o nosso portal. Esses dados ser\u00e3o tratados e mantidos em conformidade com o Art. 13\u00ba da Lei 12.965, de 23\/4\/2014 &#8211; Lei do Marco Civil da Internet.<\/p>\n\n\n\n<p><strong>Central de Vagas:<\/strong> Quando voc\u00ea se inscreve atrav\u00e9s de formul\u00e1rio f\u00edsico ou virtual na central de vagas, coletamos: Nome completo, CPF, Data de Nascimento, Estado civil, CEP, Endere\u00e7o, Telefone, Celular, Pessoa com Defici\u00eancia, escolaridade e experi\u00eancia profissional. Esses dados s\u00e3o compartilhados com empresas parceiras da central de vagas, para ser uma empresa parceira, formalizamos um termo de conduta com regras respectivas para a utiliza\u00e7\u00e3o dos dados antes, durante e ap\u00f3s processo seletivo. Ao preencher o formul\u00e1rio solicitamos o seu consentimento para compartilhamento com as empresas parceiras da central, por\u00e9m voc\u00ea pode revog\u00e1-lo a qualquer momento atrav\u00e9s do e-mail: dpo@siemaco-grs.com.br.<\/p>\n\n\n\n<p><strong>Central de Cursos:<\/strong> Quando voc\u00ea se matricula na central de cursos, coletamos: Nome Completo, Sexo, Idade, Telefone, Endere\u00e7o, CEP, E-mail, Escolaridade, Status de Trabalho e como soube do curso. Utilizamos esses dados para emitir o seu certificado de participa\u00e7\u00e3o, realizar o controle de evolu\u00e7\u00e3o de m\u00f3dulos, e podemos us\u00e1-los para estrutura\u00e7\u00e3o de pol\u00edticas direcionadas ao perfil dos participantes, nessa hip\u00f3tese, os seus dados ser\u00e3o anonimizados. Ao realizar a matr\u00edcula solicitamos o seu consentimento para o tratamento dos dados, por\u00e9m<br>voc\u00ea pode revog\u00e1-lo a qualquer momento atrav\u00e9s do e-mail: dpo@siemaco-grs.com.br.<\/p>\n\n\n\n<p><strong>Contato:<\/strong> Quando voc\u00ea entra em contato conosco atrav\u00e9s do Whatsapp ou Telefone, podemos coletar: Nome completo, CPF, N\u00famero de carteirinha e motivo do contato.<\/p>\n\n\n\n<p>Esses dados s\u00e3o coletados para identificar voc\u00ea e autentic\u00e1-lo (refor\u00e7ar que \u00e9 voc\u00ea mesmo) para uso dos nossos servi\u00e7os, eles tamb\u00e9m s\u00e3o armazenados para registrar o seu atendimento e as informa\u00e7\u00f5es que lhe foram prestadas. Realizamos o tratamento desses dados de acordo com item VI do Art. 7 da Lei 13.709\/2018.<\/p>\n\n\n\n<p><strong>WhatsApp: <\/strong>Reconhecemos o uso do WhatsApp para contatos e que podem surgir grupos para facilitar a comunica\u00e7\u00e3o entre os membros do sindicato. Nossos contatos e grupos de WhatsApp s\u00e3o regidos por uma pol\u00edtica que assegura a prote\u00e7\u00e3o de seus dados pessoais, o respeito m\u00fatuo entre os membros, e a preven\u00e7\u00e3o de spam e conte\u00fados maliciosos. Para ler a pol\u00edtica completa, clique no link: <a href=\"https:\/\/www.siemaco-grs.com.br\/wp\/politica-de-whatsapp\/\" target=\"_blank\" rel=\"noreferrer noopener\">https:\/\/www.siemaco-grs.com.br\/wp\/politica-de-whatsapp\/<\/a><\/p>\n\n\n\n<p><strong>Assessoria: <\/strong>Nosso time de assessoria possui um telefone fornecido pelo Siemaco Guarulhos, para atender os trabalhadores, quando voc\u00ea entra em contato com eles, para realizar uma den\u00fancia, enviar um holerite para confer\u00eancia de descontos, solicitar uma visita ou tirar uma d\u00favida, eventualmente voc\u00ea pode fornecer dados pessoais. Garantimos que nosso time de assessoria, passe por treinamentos respectivos a privacidade e prote\u00e7\u00e3o de dados, e adotamos pol\u00edticas internas que restringem o compartilhamento das informa\u00e7\u00f5es que voc\u00ea fornecer, com pessoas externas ao sindicato. Caso voc\u00ea sinta que algum de nossos assessores violou a privacidade da conversa entre voc\u00eas, ou realizou um contato divergente das finalidade acima citadas, entre em contato conosco atrav\u00e9s do e-mail: dpo@siemaco-grs.com.br.<\/p>\n\n\n\n<p><strong>Eventos, reuni\u00f5es e assembleia<\/strong>s: Durante a realiza\u00e7\u00e3o de eventos podemos coletar: Nome completo, Empresa, CPF, Data. Esses dados ser\u00e3o utilizados para registrar sua participa\u00e7\u00e3o e realizaremos o tratamento desses dados de acordo com item VI do Art. 7 da Lei 13.709\/2018.<\/p>\n\n\n\n<p><strong>Cadastrais:<\/strong> Os dados cadastrais s\u00e3o os dados que identificam voc\u00ea, eles podem ser coletados quando voc\u00ea entra em contato conosco de forma presencial ou digital para utilizar algum servi\u00e7o que oferecemos, podemos coletar dados para realizar o seu atendimento, e a lista de dados cadastrais pode variar de acordo com o servi\u00e7o utilizado, em todas as hip\u00f3teses, iremos informar a finalidade, se ser\u00e3o compartilhados com terceiros e a base legal, caso necess\u00e1rio iremos coletar o seu consentimento para realizar o tratamento, e voc\u00ea pode revogar este consentimento atrav\u00e9s do e-mail: dpo@siemaco-grs.com.br.<\/p>\n\n\n\n<p>Dentre os poss\u00edveis campos a serem preenchidos no momento do cadastro, temos, por exemplo e sem limita\u00e7\u00e3o: E-mail, Data de nascimento, Nome, CPF, Telefone, Endere\u00e7o, Sexo, N\u00famero da carteirinha.<\/p>\n\n\n\n<p><strong>Dados coletados na sindicaliza\u00e7\u00e3o:<\/strong> Quando voc\u00ea preenche a ficha de \u201cSindicaliza\u00e7\u00e3o, Autoriza\u00e7\u00e3o de Descontos e tratamento de dados\u201d coletamos: Nome completo, CPF, Data de Nascimento, Estado Civil, Endere\u00e7o, CEP, Telefone e Celular. Al\u00e9m disso, inclui dados relativos \u00e0 empresa em que trabalha como Fun\u00e7\u00e3o, Admiss\u00e3o, Local de Trabalho e Endere\u00e7o do Local de Trabalho. As finalidades dessa coleta s\u00e3o informadas na ficha e s\u00e3o: Associa\u00e7\u00e3o Conforme descrito no estatuto da entidade, Comunicar a empresa empregadora, Compartilhamento com a gestora de benef\u00edcios estabelecida da conven\u00e7\u00e3o coletiva, Quando necess\u00e1rio fornecer um novo benef\u00edcio ou comunicar-se com os trabalhadores. A base legal para o tratamento desses dados, \u00e9 obriga\u00e7\u00e3o legal, conforme o artigo 7\u00ba, caput, inciso II da lei N\u00ba 13.709. Para fim de atender as finalidades descritas na constitui\u00e7\u00e3o federal em seu 8\u00ba, caput, incisos I, III e VI e os termos prescritos nos artigos 545\/578\/579 e 582 da CLT.<\/p>\n\n\n\n<p><strong>Dados de crian\u00e7as e adolescentes coletados na sindicaliza\u00e7\u00e3o:<\/strong> Quando voc\u00ea preenche a ficha de \u201cSindicaliza\u00e7\u00e3o, Autoriza\u00e7\u00e3o de Descontos e tratamento de dados\u201d pode nos informar dados dos seus dependentes, coletamos: Nome completo, Data de Nascimento e Parentesco. Esses dados ser\u00e3o tratados com a finalidade de estender os benef\u00edcios dos s\u00f3cios aos seus dependentes, conforme informado na ficha. Quando o s\u00f3cio preenche os dados de crian\u00e7as e adolescentes como seus dependentes, ele declara ser o representante legal e consente com o tratamento desses dados, para estender os benef\u00edcios. Esse consentimento pode ser revogado a qualquer momento atrav\u00e9s do e-mail: dpo@siemaco-grs.com.br.<\/p>\n\n\n\n<p><strong>Dados coletados atrav\u00e9s de terceiros:<\/strong> Os empregadores s\u00e3o fornecedores de dados ao sindicato, para cumprimento de obriga\u00e7\u00e3o definida em lei (atos e prerrogativas sindicais) ou em instrumentos jur\u00eddicos como conven\u00e7\u00f5es coletivas de trabalho e acordos coletivos de trabalho, estes ser\u00e3o tratados como dados pessoais, respeitando as regras de sigilo e confidencialidade. A base legal para o tratamento desses dados, \u00e9 obriga\u00e7\u00e3o legal, conforme o artigo 7\u00ba, caput, inciso II da lei N\u00ba 13.709. Para fim de atender as finalidades descritas na constitui\u00e7\u00e3o federal em seu 8\u00ba, caput, incisos I, III e VI e os termos prescritos nos artigos 545\/578\/579 e 582 da CLT.<\/p>\n\n\n\n<p><strong>Conte\u00fado Jornal\u00edstico<\/strong>: Durante as visitas de base os assessores ou membros da equipe de comunica\u00e7\u00e3o do sindicato podem tirar fotos com os trabalhadores, com a finalidade de divulgar e trazer transpar\u00eancia, respectiva as a\u00e7\u00f5es realizadas pela entidade, essas fotos ser\u00e3o tratadas pela equipe de comunica\u00e7\u00e3o e podem ser vinculadas em conte\u00fados jornal\u00edsticos, elaborados por um jornalista habitado e com MTB (Registro Profissional de Jornalista), as fotos que n\u00e3o forem utilizadas s\u00e3o descartadas. O conte\u00fado jornal\u00edstico produzido pela equipe de comunica\u00e7\u00e3o do Siemaco Guarulhos poder\u00e1 ser vinculado em seu site, redes sociais e materiais impressos.<\/p>\n\n\n\n<p><strong>Uso de Imagem:<\/strong> O Siemaco Guarulhos pode produzir pe\u00e7as publicit\u00e1rias para divulga\u00e7\u00e3o de suas a\u00e7\u00f5es, nessa ocasi\u00f5es podem participar trabalhadores, associados e colaboradores, que ter\u00e3o sua imagem vinculadas e divulgadas atrav\u00e9s das pe\u00e7as, que podem ser publicadas em redes sociais, canal do youtube, site da entidade ou parceiros. Nessa ocasi\u00e3o, a pessoa ir\u00e1 preencher um termo espec\u00edfico de autoriza\u00e7\u00e3o de uso de imagem. Esse termo pode ser revogado a qualquer momento conforme descrito no mesmo, atrav\u00e9s do e-mail: dpo@siemaco-grs.com.br.<\/p>\n\n\n\n<p><strong>Dados Sens\u00edveis:<\/strong> A princ\u00edpio n\u00e3o coletamos dados sens\u00edveis, mas eventualmente poder\u00e3o ser coletados dados sens\u00edveis e utilizados. Inicialmente iremos verificar a possibilidade de anonimiz\u00e1-los, quando n\u00e3o for poss\u00edvel iremos trat\u00e1-los mediante o fornecimento do seu consentimento expresso, ou para cumprimento de obriga\u00e7\u00e3o legal, os quais ser\u00e3o tratados para o fim exclusivo de representa\u00e7\u00e3o da categoria profissional em todos os \u00e2mbitos. Nos casos, o tratamento e a transfer\u00eancia de dados ser\u00e3o realizados apenas com o seu consentimento espec\u00edfico e informado de forma f\u00edsica ou digital, exceto quando por obriga\u00e7\u00e3o legal.<\/p>\n\n\n\n<p><strong>Links:<\/strong> Quando voc\u00ea clicar em links do nosso site ou aplicativo, eles podem direcionar para fora do nosso site ou aplicativo. N\u00e3o somos respons\u00e1veis pelas pr\u00e1ticas de privacidade de outros sites e lhe incentivamos a ler as pol\u00edticas de privacidade deles.<\/p>\n\n\n\n<p class=\"has-large-font-size\"><strong>Armazenamento e Compartilhamento<\/strong><\/p>\n\n\n\n<p style=\"font-size:16px\">Aqui voc\u00ea vai entender porque armazenamos seus dados pessoais e em quais hip\u00f3teses compartilhamos os seus dados. <\/p>\n\n\n\n<p><\/p>\n\n\n\n<p>As informa\u00e7\u00f5es fornecidas pelos s\u00f3cios, s\u00e3o armazenadas conforme determina o estatuto da entidade, para comprova\u00e7\u00e3o da representatividade da entidade. Essas informa\u00e7\u00f5es s\u00e3o utilizadas para identific\u00e1-los e autentic\u00e1-los (refor\u00e7ar que \u00e9 voc\u00ea mesmo) para uso dos nossos servi\u00e7os. As informa\u00e7\u00f5es de contato podem ser utilizadas para envio de comunicados e informa\u00e7\u00f5es respectivas \u00e0s a\u00e7\u00f5es da entidade. As informa\u00e7\u00f5es de perfil, quando necess\u00e1rias, s\u00e3o anonimizadas, com o objetivo de romper liga\u00e7\u00e3o com a pessoa natural fornecedora do dado, e o mesmo somente \u00e9 utilizado para melhorar a qualidade da a\u00e7\u00e3o sindical, desenvolver demandas e servi\u00e7os espec\u00edficos.<\/p>\n\n\n\n<p>Em algumas circunst\u00e2ncias, compartilhamos dados pessoais com terceiros que desempenham fun\u00e7\u00f5es em nosso nome (ou em nome dos nossos parceiros), como empresas ou indiv\u00edduos que hospedam ou operam nossos sites, analisam dados, disponibilizam benef\u00edcios, fornecem atendimento aos s\u00f3cios e gerenciam pagamentos.<\/p>\n\n\n\n<p>Quando utilizamos um parceiro para realizar tratamento de dados exigimos a observa\u00e7\u00e3o dessa pol\u00edtica de privacidade, e uma pol\u00edtica interna que exige: conformidade com a Lei 13.709\/2018, ado\u00e7\u00e3o de boas pr\u00e1ticas de seguran\u00e7a da informa\u00e7\u00e3o e celebramos um acordo de confidencialidade.<\/p>\n\n\n\n<p>Voc\u00ea tem o direito de saber com quem e qual a finalidade do compartilhamento dos seus dados, para saber como ver o item \u201cAtendimento ao Titular\u201d.<\/p>\n\n\n\n<p style=\"font-size:34px\"><strong>Seguran\u00e7a<\/strong><\/p>\n\n\n\n<p style=\"font-size:16px\">Aqui voc\u00ea vai entender como tratamos a seguran\u00e7a dos seus dados.<\/p>\n\n\n\n<p><\/p>\n\n\n\n<p>A seguran\u00e7a da informa\u00e7\u00e3o \u00e9 um dos pilares das boas pr\u00e1ticas de tratamento de dados, para tal empregamos medidas t\u00e9cnicas e organizativas. Seguimos um rigoroso procedimento de seguran\u00e7a para armazenar as informa\u00e7\u00f5es e prevenir acessos n\u00e3o autorizados. Seguimos a legisla\u00e7\u00e3o em vigor no pa\u00eds sobre a prote\u00e7\u00e3o de dados e privacidade, e implantamos pol\u00edticas internas.<\/p>\n\n\n\n<p>Nosso banco de dados f\u00edsico e digital tem seu acesso criteriosamente restringido a apenas alguns funcion\u00e1rios habilitados, que s\u00e3o obrigados por contrato a preservar a confidencialidade de suas informa\u00e7\u00f5es, al\u00e9m de investirmos em seguran\u00e7a t\u00e9cnica e f\u00edsica para ajudar a proteger contra perdas, uso indevido ou acesso n\u00e3o autorizado, divulga\u00e7\u00e3o, altera\u00e7\u00e3o ou destrui\u00e7\u00e3o dos seus dados pessoais.<\/p>\n\n\n\n<p>Por\u00e9m ainda que adotamos todas as medidas ao nosso alcance para evitar incidentes de seguran\u00e7a, \u00e9 poss\u00edvel que ocorra algum problema motivado exclusivamente por um terceiro \u2013 como em caso de ataques de hackers ou crackers ou, ainda, em caso de culpa exclusiva do usu\u00e1rio, que ocorre, por exemplo, quando ele mesmo transfere seus dados a terceiro. Assim, embora sejamos, em geral, respons\u00e1veis pelos dados pessoais que tratamos, nos eximimos de responsabilidade caso ocorra uma situa\u00e7\u00e3o excepcional como essas, sobre as quais n\u00e3o temos nenhum tipo de controle.<\/p>\n\n\n\n<p>De qualquer forma, caso ocorra qualquer tipo de incidente de seguran\u00e7a que possa gerar risco ou dano relevante para qualquer titular de dados, comunicaremos os afetados e a Autoridade Nacional de Prote\u00e7\u00e3o de Dados acerca do ocorrido, em conformidade com o disposto na Lei Geral de Prote\u00e7\u00e3o de Dados.<\/p>\n\n\n\n<p>Durante o fornecimento de alguns benef\u00edcios, voc\u00ea ter\u00e1 acesso a um login e senha que \u00e9 intransfer\u00edvel, \u00e9 extremamente importante que voc\u00ea altere a sua senha e n\u00e3o compartilhe com terceiros, em hip\u00f3tese alguma, caso suspeite que seus acessos foram corrompidos, entre em contato conosco atrav\u00e9s do e-mail: dpo@siemaco-grs.com.br<\/p>\n\n\n\n<p class=\"has-large-font-size\"><strong>Cookies<\/strong><\/p>\n\n\n\n<p style=\"font-size:16px\">Aqui voc\u00ea vai entender o que s\u00e3o cookies, como utilizamos e como restringi-los.<\/p>\n\n\n\n<p>Podemos utilizar uma tecnologia normalizada, designada por cookies, para recolher dados sobre a forma como utiliza o nosso website para lhe proporcionar uma melhor experi\u00eancia, avaliando que \u00e1reas do nosso website t\u00eam maior interesse para si ou o reconhecermos da pr\u00f3xima vez que nos visitar. N\u00e3o temos qualquer vontade ou inten\u00e7\u00e3o de infringir a sua privacidade enquanto visita o nosso website.<\/p>\n\n\n\n<p>Os cookies s\u00e3o pequenos ficheiros de texto enviados para o seu computador ou dispositivo m\u00f3vel (tablet ou celular) quando visita os nossos sites, eles nos permitem captar informa\u00e7\u00f5es sobre os seus h\u00e1bitos de navega\u00e7\u00e3o na internet a fim de que possamos personalizar a sua navega\u00e7\u00e3o, melhorando sua experi\u00eancia em nossas plataformas.<\/p>\n\n\n\n<p>A maior parte dos navegadores permite-lhe apagar os cookies do disco r\u00edgido do seu computador, bloquear a aceita\u00e7\u00e3o de cookies ou receber um aviso antes do armazenamento de um cookie. Voc\u00ea pode optar por configurar o seu navegador para o notificar sempre que receber um cookie, o que lhe d\u00e1 a op\u00e7\u00e3o de rejeitar ou aceitar o mesmo. Os cookies podem tamb\u00e9m ser utilizados por empresas externas com fins publicit\u00e1rios, sempre que estes publicam an\u00fancios no nosso website e estes cookies ajudam a controlar que an\u00fancios s\u00e3o mostrados. Estas empresas com fins publicit\u00e1rios podem utilizar cookies para recolher dados n\u00e3o pessoalmente identific\u00e1veis sobre si. Os anunciantes utilizam estes dados para direcionar os an\u00fancios e avaliar o seu impacto.<\/p>\n\n\n\n<p>Nossa pol\u00edtica de uso de cookies atende \u00e0s determina\u00e7\u00f5es previstas nas leis vigentes sobre o tema. Os cookies podem ser armazenados por prazo indeterminado ou at\u00e9 que o cache do navegador seja limpo ou alterado pelo usu\u00e1rio.<\/p>\n\n\n\n<p>Quando voc\u00ea acessar o nosso site iremos dar a op\u00e7\u00e3o de voc\u00ea consentir ou n\u00e3o com a coleta de cookies e quais categorias de cookies voc\u00ea deseja permitir.<\/p>\n\n\n\n<p style=\"font-size:39px\"><strong>DIREITOS DO TITULAR<\/strong><\/p>\n\n\n\n<p>O Siemaco Guarulhos assegura \u00e0s pessoas f\u00edsicas usu\u00e1rias do site, app ou outro servi\u00e7os ofertados pela entidade, direitos aos seus dados pessoais, conferidos pela Lei 13.709\/2018. Os direitos conferidos \u00e0s pessoas f\u00edsicas, sem preju\u00edzos das limita\u00e7\u00f5es previstas na Lei de Prote\u00e7\u00e3o de Dados Pessoais, s\u00e3o:<\/p>\n\n\n\n<p>I &#8211; Confirma\u00e7\u00e3o da exist\u00eancia de tratamento;<\/p>\n\n\n\n<p>II &#8211; Acesso aos dados;<\/p>\n\n\n\n<p>III &#8211; Corre\u00e7\u00e3o de dados incompletos, inexatos ou desatualizados;<\/p>\n\n\n\n<p>IV &#8211; Anonimiza\u00e7\u00e3o, bloqueio ou elimina\u00e7\u00e3o de dados desnecess\u00e1rios, excessivos ou tratados em desconformidade com o disposto na lei;<\/p>\n\n\n\n<p>V &#8211; Elimina\u00e7\u00e3o dos dados pessoais tratados com o consentimento do titular, exceto nos casos previstos em lei;<\/p>\n\n\n\n<p>VI &#8211; Informa\u00e7\u00e3o das entidades p\u00fablicas e privadas com as quais o controlador realizou uso compartilhado de dados;<\/p>\n\n\n\n<p>VII &#8211; Informa\u00e7\u00e3o sobre a possibilidade de n\u00e3o fornecer consentimento e sobre: as consequ\u00eancias da negativa;<\/p>\n\n\n\n<p>VIII &#8211; Revoga\u00e7\u00e3o do consentimento.<\/p>\n\n\n\n<p style=\"font-size:27px\"><strong>ATENDIMENTO AO TITULAR<\/strong><\/p>\n\n\n\n<p>Voc\u00ea pode sempre ter acesso aos seus dados, solicitar informa\u00e7\u00f5es, corre\u00e7\u00f5es ou atualiza\u00e7\u00f5es, bem como optar pela exclus\u00e3o destes do nosso banco de dados ou ainda optar por n\u00e3o compartilhar seus dados pessoais com terceiros. Voc\u00ea pode entrar em contato conosco atrav\u00e9s do e-mail dpo@siemaco-grs.com.br.<\/p>\n\n\n\n<p>Nesses casos, a fim de proteger sua identidade, algumas medidas de seguran\u00e7a poder\u00e3o ser adotadas, tais como contato para confirma\u00e7\u00e3o e solicita\u00e7\u00e3o de informa\u00e7\u00f5es que possam identificar o usu\u00e1rio, antes de conceder acesso aos seus dados pessoais.<\/p>\n\n\n\n<p>O seu pedido ser\u00e1 atendido em um prazo de 15 dias \u00fateis ap\u00f3s a confirma\u00e7\u00e3o da sua identidade, contados da data do recebimento do requerimento.<\/p>\n\n\n\n<p style=\"font-size:28px\"><strong>ATUALIZA\u00c7\u00c3O DA POL\u00cdTICA<\/strong><\/p>\n\n\n\n<p><strong>A Pol\u00edtica de Privacidade do Siemaco Guarulhos poder\u00e1 ser atualizada a qualquer tempo, sempre que houver altera\u00e7\u00e3o nos processos para fornecimento dos servi\u00e7os e benef\u00edcios.<\/strong><\/p>\n","protected":false},"excerpt":{"rendered":"<p>O Siemaco Guarulhos acredita que \u00e9 importante que voc\u00ea saiba como os seus dados pessoais s\u00e3o tratados, em 2018 criamos a primeira vers\u00e3o da&hellip;<\/p>\n","protected":false},"author":35,"featured_media":0,"parent":0,"menu_order":0,"comment_status":"closed","ping_status":"closed","template":"","meta":{"footnotes":""},"class_list":["post-2547","page","type-page","status-publish","hentry"],"blog_post_layout_featured_media_urls":{"thumbnail":"","full":""},"categories_names":null,"comments_number":"0","wpmagazine_modules_lite_featured_media_urls":{"thumbnail":"","cvmm-medium":"","cvmm-medium-plus":"","cvmm-portrait":"","cvmm-medium-square":"","cvmm-large":"","cvmm-small":"","full":""},"_links":{"self":[{"href":"https:\/\/www.siemaco-grs.com.br\/wp\/wp-json\/wp\/v2\/pages\/2547","targetHints":{"allow":["GET"]}}],"collection":[{"href":"https:\/\/www.siemaco-grs.com.br\/wp\/wp-json\/wp\/v2\/pages"}],"about":[{"href":"https:\/\/www.siemaco-grs.com.br\/wp\/wp-json\/wp\/v2\/types\/page"}],"author":[{"embeddable":true,"href":"https:\/\/www.siemaco-grs.com.br\/wp\/wp-json\/wp\/v2\/users\/35"}],"replies":[{"embeddable":true,"href":"https:\/\/www.siemaco-grs.com.br\/wp\/wp-json\/wp\/v2\/comments?post=2547"}],"version-history":[{"count":7,"href":"https:\/\/www.siemaco-grs.com.br\/wp\/wp-json\/wp\/v2\/pages\/2547\/revisions"}],"predecessor-version":[{"id":7556,"href":"https:\/\/www.siemaco-grs.com.br\/wp\/wp-json\/wp\/v2\/pages\/2547\/revisions\/7556"}],"wp:attachment":[{"href":"https:\/\/www.siemaco-grs.com.br\/wp\/wp-json\/wp\/v2\/media?parent=2547"}],"curies":[{"name":"wp","href":"https:\/\/api.w.org\/{rel}","templated":true}]}}